{"id":50,"date":"2023-10-28T23:44:11","date_gmt":"2023-10-28T21:44:11","guid":{"rendered":"https:\/\/sortie-nature.ch\/?page_id=50"},"modified":"2023-11-30T11:44:05","modified_gmt":"2023-11-30T10:44:05","slug":"conditions-generales","status":"publish","type":"page","link":"https:\/\/sortie-nature.ch\/?page_id=50","title":{"rendered":"Conditions g\u00e9n\u00e9rales"},"content":{"rendered":"\n<p><strong>Inscription<\/strong><\/p>\n\n\n\n<p>L\u2019inscription \u00e0 une randonn\u00e9e peut se faire soit par prise de contact sur le site www.sortie-nature.ch, soit par courriel <a href=\"mailto:contact@mesalpes.ch\">contact@sortie-nature.ch<\/a> soit via t\u00e9l\u00e9phone.<\/p>\n\n\n\n<p>Les inscriptions seront confirm\u00e9es seulement \u00e0 la r\u00e9ception (postale et\/ou courriel) du formulaire \u201cSortie Nature-inscription\u201d comprenant l\u2019acceptation des conditions g\u00e9n\u00e9rales suivantes.<\/p>\n\n\n\n<p><strong>Prix<\/strong><\/p>\n\n\n\n<p><em><u>Forfait :<\/u><\/em><\/p>\n\n\n\n<p>\u201csortie-nature.ch\u201d pratique les tarifs recommand\u00e9s par l\u2019ASAM (Association Suisse des Accompagnateurs en Montagne) :<\/p>\n\n\n\n<p>-Fr. 500.- la journ\u00e9e (de 1 \u00e0 12 personnes)<\/p>\n\n\n\n<p>&#8211; Fr. 380.- la demi-journ\u00e9e ou la soir\u00e9e (max 4 heures)<\/p>\n\n\n\n<p><em><u>Trekking\/Stage Photo :<\/u><\/em><\/p>\n\n\n\n<p>Les prix indiqu\u00e9s dans chaque programme d\u00e9taill\u00e9 s\u2019entendent pour une personne et comprennent l\u2019encadrement des participants pour la dur\u00e9e de toute l\u2019activit\u00e9 (selon d\u00e9tail de l\u2019offre : demi-pension et\/ou pension compl\u00e8te en cabane, en g\u00eete, en buron\u2026).<\/p>\n\n\n\n<p>Les consommations personnelles (ex:boissons), les transports (sauf si indiqu\u00e9) et les assurances ne sont pas compris.<\/p>\n\n\n\n<p><strong>Modification du programme<\/strong><\/p>\n\n\n\n<p>Les activit\u00e9s ou les randonn\u00e9es se r\u00e9aliseront par tout temps. Pour des raisons de s\u00e9curit\u00e9 (m\u00e9t\u00e9o, neige) et\/ou de participants (mat\u00e9riel inadapt\u00e9, probl\u00e8me physique et\/ou sant\u00e9, \u2026) l\u2019accompagnateur en montagne se r\u00e9servera le droit d\u2019adapter ou d\u2019annuler un programme afin d\u2019\u00eatre au plus proche des besoins de ses clients.<\/p>\n\n\n\n<p><strong>Paiement<\/strong><\/p>\n\n\n\n<p>Le paiement pour les activit\u00e9s d\u2019une journ\u00e9e s\u2019effectue sur place, en esp\u00e8ces.<\/p>\n\n\n\n<p>Pour les randonn\u00e9es et\/ou accompagnement dans une activit\u00e9 sur plus d\u2019une journ\u00e9e, le versement d\u2019arrhes (50% du prix) sera vers\u00e9 au moins 15 jours avant la sortie sur le compte suivant :<\/p>\n\n\n\n<p>IBAN : CH37 0883 8263 9300 5200 1 \u2013 Banque du L\u00e9man<\/p>\n\n\n\n<p>Philippe B\u00f6gli &#8211; 422 rue du loyer &#8211; 74890 Bons-en-Chablais (FR).<\/p>\n\n\n\n<p>Le versement des arrhes feront office d\u2019inscription d\u00e9finitive. Le solde restant sera r\u00e9gl\u00e9 au plus tard le 1er jour de la course ou le jour m\u00eame de la sortie, en esp\u00e8ces.<\/p>\n\n\n\n<p><strong>Annulations\/Remboursement<\/strong><\/p>\n\n\n\n<p>Si l\u2019accompagnateur annule l\u2019accompagnent : remboursement int\u00e9gral des arrhes pay\u00e9s.<\/p>\n\n\n\n<p>Si le client annule son inscription pour une randonn\u00e9e, stage et\/ou trekking :<\/p>\n\n\n\n<ul class=\"wp-block-list\">\n<li>jusqu\u2019\u00e0 7 jours avant l\u2019activit\u00e9: remboursement du 100% des arrhes.<\/li>\n\n\n\n<li>de 7 \u00e0 0 jours avant la randonn\u00e9e : remboursement du 50% des arrhes.<\/li>\n<\/ul>\n\n\n\n<p>Aucun remboursement ne sera effectu\u00e9 en cas de raccourcissement du temps de la randonn\u00e9e qu\u2019elle qu\u2019en soit la cause. Une mauvaise condition physique vous emp\u00eachant de profiter pleinement de votre balade ne donnera droit \u00e0 aucun remboursement.<\/p>\n\n\n\n<p><strong>Assurance\/Droit Applicable<\/strong><\/p>\n\n\n\n<p>L\u2019accompagnateur en montagne est au b\u00e9n\u00e9fice d\u2019une assurance contract\u00e9 avec l\u2019ASAM (couverture RC professionnelle CHF 10\u2019000\u2019000).<\/p>\n\n\n\n<p>Les participants doivent \u00eatre au b\u00e9n\u00e9fice d\u2019une assurance accident et d\u2019une RC.<\/p>\n\n\n\n<p>Seules les dispositions du droit Suisse sont applicables. En cas de litige, le for juridique est \u00e0 Gen\u00e8ve.<\/p>\n\n\n\n<p><strong>Confidentialit\u00e9<\/strong><\/p>\n\n\n\n<p>Toutes les donn\u00e9es et informations qui seront transmises \u00e0 \u201csortie-nature.ch\u201d ne seront en aucun cas communiqu\u00e9es \u00e0 des tiers. Toutefois, \u201csortie-nature.ch\u201d se r\u00e9serve le droit d\u2019utiliser l\u2019adresse des clients pour leur faire parvenir des informations concernant ses activit\u00e9s.<\/p>\n","protected":false},"excerpt":{"rendered":"<p>Inscription L\u2019inscription \u00e0 une randonn\u00e9e peut se faire soit par prise de contact sur le site www.sortie-nature.ch, soit par courriel contact@sortie-nature.ch soit via t\u00e9l\u00e9phone. Les inscriptions seront confirm\u00e9es seulement \u00e0 la r\u00e9ception (postale et\/ou courriel) du formulaire \u201cSortie Nature-inscription\u201d comprenant l\u2019acceptation des conditions g\u00e9n\u00e9rales suivantes. Prix Forfait : \u201csortie-nature.ch\u201d pratique les tarifs recommand\u00e9s par l\u2019ASAM [&hellip;]<\/p>\n","protected":false},"author":1,"featured_media":0,"parent":0,"menu_order":0,"comment_status":"closed","ping_status":"closed","template":"blank","meta":{"footnotes":""},"class_list":["post-50","page","type-page","status-publish","hentry"],"_links":{"self":[{"href":"https:\/\/sortie-nature.ch\/index.php?rest_route=\/wp\/v2\/pages\/50","targetHints":{"allow":["GET"]}}],"collection":[{"href":"https:\/\/sortie-nature.ch\/index.php?rest_route=\/wp\/v2\/pages"}],"about":[{"href":"https:\/\/sortie-nature.ch\/index.php?rest_route=\/wp\/v2\/types\/page"}],"author":[{"embeddable":true,"href":"https:\/\/sortie-nature.ch\/index.php?rest_route=\/wp\/v2\/users\/1"}],"replies":[{"embeddable":true,"href":"https:\/\/sortie-nature.ch\/index.php?rest_route=%2Fwp%2Fv2%2Fcomments&post=50"}],"version-history":[{"count":5,"href":"https:\/\/sortie-nature.ch\/index.php?rest_route=\/wp\/v2\/pages\/50\/revisions"}],"predecessor-version":[{"id":82,"href":"https:\/\/sortie-nature.ch\/index.php?rest_route=\/wp\/v2\/pages\/50\/revisions\/82"}],"wp:attachment":[{"href":"https:\/\/sortie-nature.ch\/index.php?rest_route=%2Fwp%2Fv2%2Fmedia&parent=50"}],"curies":[{"name":"wp","href":"https:\/\/api.w.org\/{rel}","templated":true}]}}